{"id":2543,"date":"2022-07-06T13:41:20","date_gmt":"2022-07-06T11:41:20","guid":{"rendered":"https:\/\/zubigune.org\/internazionala\/poctefa-forma-naen\/"},"modified":"2022-07-06T13:41:22","modified_gmt":"2022-07-06T11:41:22","slug":"poctefa-forma-naen","status":"publish","type":"page","link":"https:\/\/zubigune.org\/eu\/internazionala\/poctefa-forma-naen\/","title":{"rendered":"Poctefa Forma NAEN"},"content":{"rendered":"<div id='av_section_1'  class='avia-section main_color avia-section-large avia-shadow  avia-bg-style-fixed  avia-builder-el-0  el_before_av_section  avia-builder-el-first   av-minimum-height av-minimum-height-100  container_wrap fullsize' style='background-repeat: no-repeat; background-image: url(https:\/\/zubigune.org\/wp-content\/uploads\/2022\/03\/formanaen-scaled.jpg);background-attachment: fixed; background-position: center center;  '  data-section-bg-repeat='no-repeat' data-av_minimum_height_pc='100'><div class='container' ><main  role=\"main\" itemprop=\"mainContentOfPage\"  class='template-page content  av-content-full alpha units'><div class='post-entry post-entry-type-page post-entry-2543'><div class='entry-content-wrapper clearfix'>\n<section class=\"av_textblock_section \"  itemscope=\"itemscope\" itemtype=\"https:\/\/schema.org\/CreativeWork\" ><div class='avia_textblock  '   itemprop=\"text\" ><h1 style=\"color: #ffffff; text-align: right;\">Interreg POCTEFA &#8211; Forma NAEN<\/h1>\n<\/div><\/section>\n<\/div><\/div><\/main><!-- close content main element --><\/div><div class='av-extra-border-element border-extra-diagonal border-extra-diagonal-inverse '><div class='av-extra-border-outer'><div class='av-extra-border-inner'  style='background-color:#fffffff;' ><\/div><\/div><\/div><\/div><div id='av_section_2'  class='avia-section main_color avia-section-default avia-no-border-styling  avia-bg-style-scroll  avia-builder-el-2  el_after_av_section  el_before_av_section   container_wrap fullsize' style='background-color: #ffffff;  '  ><div class='container' ><div class='template-page content  av-content-full alpha units'><div class='post-entry post-entry-type-page post-entry-2543'><div class='entry-content-wrapper clearfix'>\n<div class=\"flex_column av_one_full  flex_column_div av-zero-column-padding first  avia-builder-el-3  el_before_av_one_fourth  avia-builder-el-first  \" style='border-radius:0px; '><section class=\"av_textblock_section \"  itemscope=\"itemscope\" itemtype=\"https:\/\/schema.org\/CreativeWork\" ><div class='avia_textblock  '   itemprop=\"text\" ><p>Interreg POCTEFA lurralde-lankidetzako europar programako Forma NAEN proiektuaren erronka eta asmoa da mugaren alde bietan aitortutako gaitasunak barneratzea. Aipatutako programaren helburua da Espainia-Frantzia-Andorra espazioan integrazio ekonomikoa eta soziala bultzatzea.<\/p>\n<p>Forma NAEN mugaz gaindiko proiektua da, Euroeskualdean lan-eskuari dagokionez defizitarioak diren sektoreetan mugikortasuna eta lanbideratzea sustatzera bideratuta dagoena, mugaz gaindiko errealitatera egokitutako berariazko eskaintza kualifikatu bat garatuta.<\/p>\n<p>Proiektu horren barruan, lau ekintza garatzen dira:<\/p>\n<\/div><\/section><\/div><div class='flex_column_table av-equal-height-column-flextable -flextable' style='margin-top:30px; margin-bottom:30px; '><div class=\"flex_column av_one_fourth  no_margin flex_column_table_cell av-equal-height-column av-align-top first  avia-builder-el-5  el_after_av_one_full  el_before_av_one_fourth  column-top-margin\" style='background: #fcbd11; padding:20px; background-color:#fcbd11; border-radius:0px; '><section class=\"av_textblock_section \"  itemscope=\"itemscope\" itemtype=\"https:\/\/schema.org\/CreativeWork\" ><div class='avia_textblock  av_inherit_color '  style='color:#ffffff; '  itemprop=\"text\" ><h1 style=\"text-align: center;\"><strong>1.<\/strong><\/h1>\n<p>Mugaz gaindiko kudeaketa administratiboko modulu bat diseinatzea, profesional adituak hiru eskualdeetako lege- eta merkataritza-araudietan trebatuko dituena eta eskualde horien arteko lan- eta merkataritza-harremanak bultzatuko dituena.<\/p>\n<\/div><\/section><\/div><div class=\"flex_column av_one_fourth  no_margin flex_column_table_cell av-equal-height-column av-align-top   avia-builder-el-7  el_after_av_one_fourth  el_before_av_one_fourth  column-top-margin\" style='background: #ef9d1b; padding:20px; background-color:#ef9d1b; border-radius:0px; '><section class=\"av_textblock_section \"  itemscope=\"itemscope\" itemtype=\"https:\/\/schema.org\/CreativeWork\" ><div class='avia_textblock  av_inherit_color '  style='color:#ffffff; '  itemprop=\"text\" ><h1 style=\"text-align: center;\"><strong>2.<\/strong><\/h1>\n<p>Gaitasunak baliozkotzea eta prestakuntzak ziurtatzea: automobilgintzaren sektorean lanbideratzea indartzea, baliokidetasunen azterketaren eta analisiaren bitartez; tituluak eta gaitasunak baliozkotzea; eta prestakuntzako eta mugikortasuneko esperientzia pilotu ziurtatu bat egitea.<\/p>\n<\/div><\/section><\/div><div class=\"flex_column av_one_fourth  no_margin flex_column_table_cell av-equal-height-column av-align-top   avia-builder-el-9  el_after_av_one_fourth  el_before_av_one_fourth  column-top-margin\" style='background: #d6850c; padding:20px; background-color:#d6850c; border-radius:0; '><section class=\"av_textblock_section \"  itemscope=\"itemscope\" itemtype=\"https:\/\/schema.org\/CreativeWork\" ><div class='avia_textblock  av_inherit_color '  style='color:#ffffff; '  itemprop=\"text\" ><h1 style=\"text-align: center;\"><strong>3.<\/strong><\/h1>\n<p>Hizkuntza teknikoaren ikaskuntza:<br \/>\nhizkuntza ezberdinetako hiztegi teknikoari buruzko ikastaroa diseinatzea eta sortzea, administrazio-kudeaketako eta automobilgintzako adarretarako.<\/p>\n<\/div><\/section><\/div><div class=\"flex_column av_one_fourth  no_margin flex_column_table_cell av-equal-height-column av-align-top   avia-builder-el-11  el_after_av_one_fourth  el_before_av_image  column-top-margin\" style='background: #b56c15; padding:20px; background-color:#b56c15; '><section class=\"av_textblock_section \"  itemscope=\"itemscope\" itemtype=\"https:\/\/schema.org\/CreativeWork\" ><div class='avia_textblock  av_inherit_color '  style='color:#ffffff; '  itemprop=\"text\" ><h1 style=\"text-align: center;\"><strong>4.<\/strong><\/h1>\n<p>Parte hartzen duten ikastetxeetako ikasle eta irakasleei zuzendutako sentsibilizazio-ekintzak. Ikasleei dagokienez, Euroeskualdean garapen profesionalerako dituzten aukerak aztertuko dira. Irakasleei dagokienez, zeharkako printzipioak jorratuko dira: aukera-berdintasuna eta garapen jasangarria, jardunbide egokien inguruko jardunaldien bitartez.<\/p>\n<\/div><\/section><\/div><\/div><!--close column table wrapper. Autoclose: 1 --><div  class='avia-image-container  av-styling-    avia-builder-el-13  el_after_av_one_fourth  avia-builder-el-last  avia-align-center '  itemprop=\"image\" itemscope=\"itemscope\" itemtype=\"https:\/\/schema.org\/ImageObject\"  ><div class='avia-image-container-inner'><div class='avia-image-overlay-wrap'><img decoding=\"async\" class='wp-image-2520 avia-img-lazy-loading-not-2520 avia_image' src=\"https:\/\/zubigune.org\/wp-content\/uploads\/2022\/07\/IMG_20200625_113013-scaled.jpg\" alt='forma naen' title='IMG_20200625_113013' height=\"1920\" width=\"2560\"  itemprop=\"thumbnailUrl\" srcset=\"https:\/\/zubigune.org\/wp-content\/uploads\/2022\/07\/IMG_20200625_113013-scaled.jpg 2560w, https:\/\/zubigune.org\/wp-content\/uploads\/2022\/07\/IMG_20200625_113013-300x225.jpg 300w, https:\/\/zubigune.org\/wp-content\/uploads\/2022\/07\/IMG_20200625_113013-1030x773.jpg 1030w, https:\/\/zubigune.org\/wp-content\/uploads\/2022\/07\/IMG_20200625_113013-768x576.jpg 768w, https:\/\/zubigune.org\/wp-content\/uploads\/2022\/07\/IMG_20200625_113013-1536x1152.jpg 1536w, https:\/\/zubigune.org\/wp-content\/uploads\/2022\/07\/IMG_20200625_113013-2048x1536.jpg 2048w, https:\/\/zubigune.org\/wp-content\/uploads\/2022\/07\/IMG_20200625_113013-1500x1125.jpg 1500w, https:\/\/zubigune.org\/wp-content\/uploads\/2022\/07\/IMG_20200625_113013-705x529.jpg 705w, https:\/\/zubigune.org\/wp-content\/uploads\/2022\/07\/IMG_20200625_113013-600x450.jpg 600w\" sizes=\"(max-width: 2560px) 100vw, 2560px\" \/><\/div><\/div><\/div>\n<\/p>\n<\/div><\/div><\/div><!-- close content main div --><\/div><\/div><div id='av_section_3'  class='avia-section main_color avia-section-default avia-no-border-styling  avia-bg-style-scroll  avia-builder-el-14  el_after_av_section  el_before_av_section   container_wrap fullsize' style='background-color: #ffffff;  '  ><div class='container' ><div class='template-page content  av-content-full alpha units'><div class='post-entry post-entry-type-page post-entry-2543'><div class='entry-content-wrapper clearfix'>\n<div class=\"flex_column av_one_full  flex_column_div av-zero-column-padding first  avia-builder-el-15  el_before_av_one_third  avia-builder-el-first  \" style='border-radius:0px; '><section class=\"av_textblock_section \"  itemscope=\"itemscope\" itemtype=\"https:\/\/schema.org\/CreativeWork\" ><div class='avia_textblock  '   itemprop=\"text\" ><p>2021ean, Administrazioko eta Automobilgintzako arlo profesionaletan espainiera eta frantsesa ikasteko online bidezko ikastaroak diseinatzea eta garatzea izan da eginkizun nagusia.<\/p>\n<p>Parte-hartzaileek haien berariazko sektore profesionalaren arloan komunikatu ahal izateko oinarrizko maila lor dezaten diseinatutako ikastaroak dira; horrela, haien enplegagarritasuna handitu egiten da eta, bestalde, eguneroko errutinara eta ikasleen eta irakasleen ikaskuntza-erritmora egokitzen den modalitate batean ikas dezakete.<\/p>\n<p>Sei modulu ditu ikastaro bakoitzak:<\/p>\n<\/div><\/section><\/div><div class='flex_column_table av-equal-height-column-flextable -flextable' ><div class=\"flex_column av_one_third  no_margin flex_column_table_cell av-equal-height-column av-align-top first  avia-builder-el-17  el_after_av_one_full  el_before_av_two_third  column-top-margin\" style='background: #728b93; padding:40px; background-color:#728b93; border-radius:0px; '><section class=\"av_textblock_section \"  itemscope=\"itemscope\" itemtype=\"https:\/\/schema.org\/CreativeWork\" ><div class='avia_textblock  av_inherit_color '  style='color:#ffffff; '  itemprop=\"text\" ><h3>Administrazioko online bidezko berariazko ikastaro teknikoa \u00b7 AdmiNAEN<\/h3>\n<p>1- Kortesia-moduak<br \/>\n2- Bulegoan<br \/>\n3- Telefono bidezko komunikazioak<br \/>\n4- Gutuneria komertziala<br \/>\n5- Batzarrak<br \/>\n6- Negozio-bidaiak<\/p>\n<\/div><\/section><\/div><div class=\"flex_column av_two_third  no_margin flex_column_table_cell av-equal-height-column av-align-top av-zero-column-padding   avia-builder-el-19  el_after_av_one_third  avia-builder-el-last  column-top-margin\" style='background: #728b93; background-color:#728b93; border-radius:0px; '><div  class='avia-image-container  av-styling-    avia-builder-el-20  avia-builder-el-no-sibling  avia-align-center '  itemprop=\"image\" itemscope=\"itemscope\" itemtype=\"https:\/\/schema.org\/ImageObject\"  ><div class='avia-image-container-inner'><div class='avia-image-overlay-wrap'><img decoding=\"async\" class='wp-image-2526 avia-img-lazy-loading-not-2526 avia_image' src=\"https:\/\/zubigune.org\/wp-content\/uploads\/2022\/07\/IMG20220211115746-845x684.jpg\" alt='admi Naen' title='IMG20220211115746' height=\"684\" width=\"845\"  itemprop=\"thumbnailUrl\" srcset=\"https:\/\/zubigune.org\/wp-content\/uploads\/2022\/07\/IMG20220211115746-845x684.jpg 845w, https:\/\/zubigune.org\/wp-content\/uploads\/2022\/07\/IMG20220211115746-495x400.jpg 495w\" sizes=\"(max-width: 845px) 100vw, 845px\" \/><\/div><\/div><\/div><\/div><\/div><!--close column table wrapper. Autoclose: 1 --><\/div><\/div><\/div><!-- close content main div --><\/div><\/div><div id='av_section_4'  class='avia-section main_color avia-section-default avia-no-border-styling  avia-bg-style-scroll  avia-builder-el-21  el_after_av_section  el_before_av_section   container_wrap fullsize' style='background-color: #ffffff;  '  ><div class='container' ><div class='template-page content  av-content-full alpha units'><div class='post-entry post-entry-type-page post-entry-2543'><div class='entry-content-wrapper clearfix'>\n<div class='flex_column_table av-equal-height-column-flextable -flextable' ><div class=\"flex_column av_two_third  no_margin flex_column_table_cell av-equal-height-column av-align-top av-zero-column-padding first  avia-builder-el-22  el_before_av_one_third  avia-builder-el-first  \" style='background: #728b93; background-color:#728b93; border-radius:0px; '><div  class='avia-image-container  av-styling-    avia-builder-el-23  avia-builder-el-no-sibling  avia-align-center '  itemprop=\"image\" itemscope=\"itemscope\" itemtype=\"https:\/\/schema.org\/ImageObject\"  ><div class='avia-image-container-inner'><div class='avia-image-overlay-wrap'><img decoding=\"async\" class='wp-image-2529 avia-img-lazy-loading-not-2529 avia_image' src=\"https:\/\/zubigune.org\/wp-content\/uploads\/2022\/07\/taller-pintura-automocion-transfronteriza_1-845x684.jpg\" alt='forma naen' title='forma_NAEN' height=\"684\" width=\"845\"  itemprop=\"thumbnailUrl\" srcset=\"https:\/\/zubigune.org\/wp-content\/uploads\/2022\/07\/taller-pintura-automocion-transfronteriza_1-845x684.jpg 845w, https:\/\/zubigune.org\/wp-content\/uploads\/2022\/07\/taller-pintura-automocion-transfronteriza_1-495x400.jpg 495w\" sizes=\"(max-width: 845px) 100vw, 845px\" \/><\/div><\/div><\/div><\/div><div class=\"flex_column av_one_third  no_margin flex_column_table_cell av-equal-height-column av-align-top   avia-builder-el-24  el_after_av_two_third  avia-builder-el-last  \" style='background: #6768ad; padding:40px; background-color:#6768ad; border-radius:0px; '><section class=\"av_textblock_section \"  itemscope=\"itemscope\" itemtype=\"https:\/\/schema.org\/CreativeWork\" ><div class='avia_textblock  av_inherit_color '  style='color:#ffffff; '  itemprop=\"text\" ><h3>Automobilgintzaren sektoreko online bidezko<br \/>\nberariazko ikastaro teknikoa \u00b7 AutoNAEN<\/h3>\n<p>1- Kontzeptu orokorrak<br \/>\n2- Motorra<br \/>\n3- Sistema Elektrikoa eta Elektronikoa<br \/>\n4- Transmisioa, Direkzioa, Esekidurak, Balaztak eta Gurpilak<br \/>\n5- Karrozeria eta Pintura<br \/>\n6- Ibilgailu Hibridoa eta Elektrikoa<\/p>\n<\/div><\/section><\/div><\/div><!--close column table wrapper. Autoclose: 1 -->\n<\/p>\n<\/div><\/div><\/div><!-- close content main div --><\/div><\/div><div id='av_section_5'  class='avia-section main_color avia-section-small avia-no-border-styling  avia-bg-style-scroll  avia-builder-el-26  el_after_av_section  el_before_av_image   container_wrap fullsize' style='background-color: #ffffff;  '  ><div class='container' ><div class='template-page content  av-content-full alpha units'><div class='post-entry post-entry-type-page post-entry-2543'><div class='entry-content-wrapper clearfix'>\n<div class=\"flex_column av_one_full  flex_column_div av-zero-column-padding first  avia-builder-el-27  avia-builder-el-no-sibling  \" style='border-radius:0px; '><section class=\"av_textblock_section \"  itemscope=\"itemscope\" itemtype=\"https:\/\/schema.org\/CreativeWork\" ><div class='avia_textblock  '   itemprop=\"text\" ><p>Hasiberrien mailako espainiera eta frantseseko tutoredun online ikastaroak egin dira aurten proiektu honetan parte hartzen interesa izanik, gutxieneko hizkuntza-maila ez duten pertsonentzako.<\/p>\n<p>Nouvelle-Aquitaine-Euskadi-Nafarroa Euroeskualdeko erakundeek osatutako garapenerako lankidetza baten esku dago proiektu hori gauzatzea; honako hauek hartzen dute parte: Chambre des M\u00e9tiers et de l\u2019Artisanat de Pyr\u00e9n\u00e9es Atlantiques, Nafarroako Gobernuko Hezkuntza Saila, ZubiGune Fundazioa, Usurbilgo LHII ikastetxea, Ikaslan Gipuzkoa, TKNIKA eta Chambre R\u00e9gionale de M\u00e9tiers et de l\u2019Artisanat de Nouvelle-Aquitaine.<\/p>\n<p>Honako hauek ere hartzen dute parte proiektuan: Lyc\u00e9e des m\u00e9tiers Paul Bert, LGT Saint Dominique, Lyc\u00e9e Louis de Foix, Plaiaundi, Don Bosco, Elizondo Lanbide Eskola IIP, Donapea IIP, Virgen del Camino IIP eta IVAC.<\/p>\n<\/div><\/section><\/div>\n<\/div><\/div><\/div><!-- close content main div --><\/div><\/div><div id='after_section_5'  class='main_color av_default_container_wrap container_wrap fullsize' style=' '  ><div class='container' ><div class='template-page content  av-content-full alpha units'><div class='post-entry post-entry-type-page post-entry-2543'><div class='entry-content-wrapper clearfix'>\n<div  class='avia-image-container  av-styling-    avia-builder-el-29  el_after_av_section  avia-builder-el-no-sibling  avia-align-center '  itemprop=\"image\" itemscope=\"itemscope\" itemtype=\"https:\/\/schema.org\/ImageObject\"  ><div class='avia-image-container-inner'><div class='avia-image-overlay-wrap'><img decoding=\"async\" class='wp-image-2516 avia-img-lazy-loading-not-2516 avia_image' src=\"https:\/\/zubigune.org\/wp-content\/uploads\/2022\/07\/LogoFormanaen-scaled.jpg\" alt='logos poctefa' title='LogoFormanaen' height=\"350\" width=\"2560\"  itemprop=\"thumbnailUrl\" srcset=\"https:\/\/zubigune.org\/wp-content\/uploads\/2022\/07\/LogoFormanaen-scaled.jpg 2560w, https:\/\/zubigune.org\/wp-content\/uploads\/2022\/07\/LogoFormanaen-300x41.jpg 300w, https:\/\/zubigune.org\/wp-content\/uploads\/2022\/07\/LogoFormanaen-1030x141.jpg 1030w, https:\/\/zubigune.org\/wp-content\/uploads\/2022\/07\/LogoFormanaen-768x105.jpg 768w, https:\/\/zubigune.org\/wp-content\/uploads\/2022\/07\/LogoFormanaen-1536x210.jpg 1536w, https:\/\/zubigune.org\/wp-content\/uploads\/2022\/07\/LogoFormanaen-2048x280.jpg 2048w, https:\/\/zubigune.org\/wp-content\/uploads\/2022\/07\/LogoFormanaen-1500x205.jpg 1500w, https:\/\/zubigune.org\/wp-content\/uploads\/2022\/07\/LogoFormanaen-705x96.jpg 705w, https:\/\/zubigune.org\/wp-content\/uploads\/2022\/07\/LogoFormanaen-600x82.jpg 600w\" sizes=\"(max-width: 2560px) 100vw, 2560px\" \/><\/div><\/div><\/div>\n","protected":false},"excerpt":{"rendered":"","protected":false},"author":2,"featured_media":0,"parent":356,"menu_order":0,"comment_status":"closed","ping_status":"closed","template":"","meta":{"_acf_changed":false,"footnotes":""},"acf":[],"_links":{"self":[{"href":"https:\/\/zubigune.org\/eu\/wp-json\/wp\/v2\/pages\/2543"}],"collection":[{"href":"https:\/\/zubigune.org\/eu\/wp-json\/wp\/v2\/pages"}],"about":[{"href":"https:\/\/zubigune.org\/eu\/wp-json\/wp\/v2\/types\/page"}],"author":[{"embeddable":true,"href":"https:\/\/zubigune.org\/eu\/wp-json\/wp\/v2\/users\/2"}],"replies":[{"embeddable":true,"href":"https:\/\/zubigune.org\/eu\/wp-json\/wp\/v2\/comments?post=2543"}],"version-history":[{"count":2,"href":"https:\/\/zubigune.org\/eu\/wp-json\/wp\/v2\/pages\/2543\/revisions"}],"predecessor-version":[{"id":2545,"href":"https:\/\/zubigune.org\/eu\/wp-json\/wp\/v2\/pages\/2543\/revisions\/2545"}],"up":[{"embeddable":true,"href":"https:\/\/zubigune.org\/eu\/wp-json\/wp\/v2\/pages\/356"}],"wp:attachment":[{"href":"https:\/\/zubigune.org\/eu\/wp-json\/wp\/v2\/media?parent=2543"}],"curies":[{"name":"wp","href":"https:\/\/api.w.org\/{rel}","templated":true}]}}